{"id":14,"date":"2023-04-05T10:37:12","date_gmt":"2023-04-05T10:37:12","guid":{"rendered":"https:\/\/tyyala.utu.fi\/palladion\/?page_id=14"},"modified":"2025-12-05T16:25:45","modified_gmt":"2025-12-05T13:25:45","slug":"hallitus","status":"publish","type":"page","link":"https:\/\/tyyala.utu.fi\/palladion\/hallitus\/","title":{"rendered":"Hallitus"},"content":{"rendered":"\n<p class=\"has-text-align-center has-medium-font-size\"><strong>Lukuvuoden 2025-2026 hallitus<\/strong><\/p>\n\n\n\n<p class=\"has-text-align-center\"><strong><em>Puheenjohtaja<\/em><\/strong><br>Veeti Kallio, vokall@utu.fi<\/p>\n\n\n\n<p class=\"has-text-align-center\"><em><strong>Varapuheenjohtaja<\/strong><\/em><strong><em>, tiedostusvastaava<\/em><\/strong><br>Siiri Hyv\u00e4rinen, sshyva@utu.fi<\/p>\n\n\n\n<p class=\"has-text-align-center\"><strong><em>Sihteeri<\/em><\/strong>, <em><strong> Arcanumin tilavastaava<\/strong><\/em><br>Dea Hotanen, dxhota@utu.fi<\/p>\n\n\n\n<p class=\"has-text-align-center\"><strong><em>Taloudenhoitaja<\/em><\/strong><em><strong>, tuutorivastaava<\/strong><\/em><br>Pauliina Laine, pauliina.ai.laine@utu.fi<\/p>\n\n\n\n<p class=\"has-text-align-center\"><strong><em>Koulutuspoliittinen vastaava<\/em><\/strong><br>Sirkku Ullgren, sirkku.p.ullgren@utu.fi<\/p>\n\n\n\n<p class=\"has-text-align-center\"><em><strong>Sosiaalipoliittinen vastaava<\/strong><\/em><br>Pauliina Sarasoja, ida.p.sarasoja@utu.fi<\/p>\n\n\n\n<p class=\"has-text-align-center\"><strong><em>Tapahtumavastaavat<\/em><\/strong><br>Pekka Pantsu, peppan@utu.fi<br>Pauliina Sarasoja, ida.p.sarasoja@utu.fi<br>Sirkku Ullgren, sirkku.p.ullgren@utu.fi<\/p>\n\n\n\n<p class=\"has-text-align-center\"><strong><em>H\u00e4irint\u00e4yhdyshenkil\u00f6t<\/em><\/strong><br>Sirkku Ullgren, sirkku.p.ullgren@utu.fi<br>Dea Hotanen, dxhota@utu.fi<\/p>\n\n\n\n<p class=\"has-text-align-center has-medium-font-size\"><\/p>\n\n\n\n<hr class=\"wp-block-separator has-alpha-channel-opacity\" \/>\n\n\n\n<h2 class=\"wp-block-heading has-text-align-center\">Vanhat hallitukset<\/h2>\n\n\n\n<details class=\"wp-block-details is-layout-flow wp-block-details-is-layout-flow\"><summary><strong>Lukuvuoden 2024-2025 hallitus<\/strong><\/summary>\n<p class=\"has-text-align-center\"><strong><em>Puheenjohtaja<\/em><\/strong>,<strong><em> yhteistilavastaava<\/em><\/strong><br>Anna-Elina Rajala, aeraja@utu.fi<\/p>\n\n\n\n<p class=\"has-text-align-center\"><em><strong>Varapuheenjohtaja<\/strong><\/em><strong><em>, koulutuspoliittinen vastaava<\/em><\/strong><br>Siiri Hyv\u00e4rinen, sshyva@utu.fi<\/p>\n\n\n\n<p class=\"has-text-align-center\"><strong><em>Sihteeri<\/em><\/strong>\u00a0<br>Dea Hotanen, dxhota@utu.fi<\/p>\n\n\n\n<p class=\"has-text-align-center\"><strong><em>Taloudenhoitaja<\/em><\/strong><br>Veeti Kallio, vokall@utu.fi<\/p>\n\n\n\n<p class=\"has-text-align-center\"><strong><em>Tiedotusvastaava<\/em><\/strong><br>Pauliina Laine, pauliina.ai.laine@utu.fi<\/p>\n\n\n\n<p class=\"has-text-align-center\"><em><strong>Sosiaalipoliittinen vastaava<\/strong><\/em><br>Leila Karjalainen, lekarj@utu.fi<\/p>\n\n\n\n<p class=\"has-text-align-center\"><strong><em>Tapahtumavastaavat<\/em><\/strong><br>Pekka Pantsu, peppan@utu.fi<br>Aino Tuhkanen, aituhk@utu.fi<\/p>\n\n\n\n<p class=\"has-text-align-center\"><strong><em>H\u00e4irint\u00e4yhdyshenkil\u00f6t<\/em><\/strong><br>Leila Karjalainen, lekarj@utu.fi<br>Aino Tuhkanen, aituhk@utu.fi<\/p>\n<\/details>\n\n\n\n<details class=\"wp-block-details is-layout-flow wp-block-details-is-layout-flow\"><summary><strong>Lukuvuoden 2023-2024 hallitus<\/strong><\/summary>\n<div class=\"wp-block-group\"><div class=\"wp-block-group__inner-container is-layout-constrained wp-block-group-is-layout-constrained\">\n<p class=\"has-text-align-center\"><strong><em>Puheenjohtaja<\/em><\/strong>,<strong><em> yhteistilavastaava<\/em><\/strong><br>Anna-Elina Rajala, aeraja@utu.fi<\/p>\n\n\n\n<p><\/p>\n\n\n\n<p class=\"has-text-align-center\"><em><strong>Varapuheenjohtaja<\/strong><\/em><strong><em>, koulutuspoliittinen vastaava<\/em><\/strong><br>Charlotte Tuohimaa, cetuoh@utu.fi<\/p>\n\n\n\n<p><\/p>\n\n\n\n<p class=\"has-text-align-center\"><strong><em>Sihteeri<\/em><\/strong>&nbsp;<br>Aino Tuhkanen, aituhk@utu.fi<\/p>\n\n\n\n<p><\/p>\n\n\n\n<p class=\"has-text-align-center\"><strong><em>Taloudenhoitaja<\/em><\/strong><br>Minea K\u00e4hk\u00f6nen, mokahk@utu.fi<\/p>\n\n\n\n<p><\/p>\n\n\n\n<p class=\"has-text-align-center\"><em><strong>Sosiaalipoliittinen vastaava<\/strong><\/em><strong><em>, h\u00e4irint\u00e4yhdyshenkil\u00f6<\/em><\/strong><br>Miio Kokko, miakok@utu.fi<br><\/p>\n\n\n\n<p><\/p>\n\n\n\n<p class=\"has-text-align-center\">&nbsp;<em><strong>Tiedotus- ja somevasta<\/strong><\/em><strong><em>ava<\/em><\/strong><br>Leila Karjalainen, lekarj@utu.fi<\/p>\n\n\n\n<p><\/p>\n\n\n\n<div class=\"wp-block-group is-vertical is-content-justification-center is-layout-flex wp-container-core-group-is-layout-4b2eccd6 wp-block-group-is-layout-flex\">\n<p class=\"has-text-align-center\"><strong><em>Tapahtumavastaavat<\/em><\/strong><br>Ulla-Maija Niinisalo, umniin@utu.fi<\/p>\n\n\n\n<p class=\"has-text-align-center\">Pekka Pantsu, peppan@utu.fi<\/p>\n<\/div>\n\n\n\n<p><\/p>\n<\/div><\/div>\n\n\n\n<p><\/p>\n<\/details>\n\n\n\n<details class=\"wp-block-details is-layout-flow wp-block-details-is-layout-flow\"><summary><strong>Lukuvuoden 2022-2023 hallitus<\/strong><\/summary>\n<div class=\"wp-block-group\"><div class=\"wp-block-group__inner-container is-layout-constrained wp-block-group-is-layout-constrained\">\n<div class=\"wp-block-group is-vertical is-content-justification-center is-layout-flex wp-container-core-group-is-layout-4b2eccd6 wp-block-group-is-layout-flex\">\n<div class=\"wp-block-group is-vertical is-content-justification-center is-layout-flex wp-container-core-group-is-layout-4b2eccd6 wp-block-group-is-layout-flex\">\n<p class=\"has-text-align-center\">Puheenjohtaja<\/p>\n\n\n\n<p class=\"has-text-align-center\">Reetta Meril\u00e4inen<\/p>\n\n\n\n<p><\/p>\n<\/div>\n<\/div>\n\n\n\n<div class=\"wp-block-group is-vertical is-content-justification-center is-layout-flex wp-container-core-group-is-layout-4b2eccd6 wp-block-group-is-layout-flex\">\n<div class=\"wp-block-group is-vertical is-content-justification-center is-layout-flex wp-container-core-group-is-layout-4b2eccd6 wp-block-group-is-layout-flex\">\n<p class=\"has-text-align-center\">Varapuheenjohtaja, yhteistilavastaava<\/p>\n\n\n\n<p class=\"has-text-align-center\">Anna-Elina Rajala<\/p>\n<\/div>\n\n\n\n<p><\/p>\n\n\n\n<div class=\"wp-block-group is-vertical is-content-justification-center is-layout-flex wp-container-core-group-is-layout-4b2eccd6 wp-block-group-is-layout-flex\">\n<div class=\"wp-block-group is-vertical is-content-justification-center is-layout-flex wp-container-core-group-is-layout-4b2eccd6 wp-block-group-is-layout-flex\">\n<p class=\"has-text-align-center\">Sihteeri<\/p>\n\n\n\n<p class=\"has-text-align-center\">Iida Storl\u00f6pare<\/p>\n<\/div>\n\n\n\n<p><\/p>\n<\/div>\n<\/div>\n\n\n\n<div class=\"wp-block-group is-vertical is-content-justification-center is-layout-flex wp-container-core-group-is-layout-4b2eccd6 wp-block-group-is-layout-flex\">\n<div class=\"wp-block-group is-vertical is-content-justification-center is-layout-flex wp-container-core-group-is-layout-4b2eccd6 wp-block-group-is-layout-flex\">\n<p class=\"has-text-align-center\">Taloudenhoitaja<\/p>\n\n\n\n<p class=\"has-text-align-center\">Minea K\u00e4hk\u00f6nen<\/p>\n<\/div>\n\n\n\n<p><\/p>\n<\/div>\n\n\n\n<div class=\"wp-block-group is-vertical is-content-justification-center is-layout-flex wp-container-core-group-is-layout-4b2eccd6 wp-block-group-is-layout-flex\">\n<div class=\"wp-block-group is-vertical is-content-justification-center is-layout-flex wp-container-core-group-is-layout-4b2eccd6 wp-block-group-is-layout-flex\">\n<p class=\"has-text-align-center\">Sosiaalipoliittinen vastaava, h\u00e4irint\u00e4yhdyshenkil\u00f6<\/p>\n\n\n\n<p class=\"has-text-align-center\">Miio Kokko<\/p>\n<\/div>\n\n\n\n<p><\/p>\n<\/div>\n\n\n\n<div class=\"wp-block-group is-vertical is-content-justification-center is-layout-flex wp-container-core-group-is-layout-4b2eccd6 wp-block-group-is-layout-flex\">\n<div class=\"wp-block-group is-vertical is-content-justification-center is-layout-flex wp-container-core-group-is-layout-4b2eccd6 wp-block-group-is-layout-flex\">\n<p class=\"has-text-align-center\">Koulutuspoliittinen vastaava<\/p>\n\n\n\n<p class=\"has-text-align-center\">Tapio Helminen<\/p>\n<\/div>\n\n\n\n<p><\/p>\n<\/div>\n\n\n\n<div class=\"wp-block-group is-vertical is-content-justification-center is-layout-flex wp-container-core-group-is-layout-4b2eccd6 wp-block-group-is-layout-flex\">\n<div class=\"wp-block-group is-vertical is-content-justification-center is-layout-flex wp-container-core-group-is-layout-4b2eccd6 wp-block-group-is-layout-flex\">\n<p class=\"has-text-align-center\">Tapahtumavastaava<\/p>\n\n\n\n<p class=\"has-text-align-center\">Ulla-Maija Niinisalo<\/p>\n\n\n\n<p><\/p>\n<\/div>\n<\/div>\n\n\n\n<div class=\"wp-block-group is-vertical is-content-justification-center is-layout-flex wp-container-core-group-is-layout-4b2eccd6 wp-block-group-is-layout-flex\">\n<div class=\"wp-block-group is-vertical is-content-justification-center is-layout-flex wp-container-core-group-is-layout-4b2eccd6 wp-block-group-is-layout-flex\">\n<p class=\"has-text-align-center\">Tiedotus- ja somevastaava, h\u00e4irint\u00e4yhdyshenkil\u00f6<\/p>\n\n\n\n<p class=\"has-text-align-center\">Ida von Bagh<\/p>\n<\/div>\n<\/div>\n<\/div><\/div>\n\n\n\n<p class=\"has-text-align-center\"><\/p>\n\n\n\n<p><\/p>\n<\/details>\n\n\n\n<details class=\"wp-block-details is-layout-flow wp-block-details-is-layout-flow\"><summary><strong>Lukuvuoden 2021-2022 hallitus<\/strong><\/summary>\n<div class=\"wp-block-group\"><div class=\"wp-block-group__inner-container is-layout-constrained wp-block-group-is-layout-constrained\">\n<p class=\"has-text-align-center\">Puheenjohtaja ja sosiaalipoliittinen vastaava<br>Orion Petlin<\/p>\n\n\n\n<p class=\"has-text-align-center\">Varapuheenjohtaja ja koulutuspoliittinen vastaava<br>Reetta Meril\u00e4inen<\/p>\n\n\n\n<p class=\"has-text-align-center\">Sihteeri<br>Iida Storl\u00f6pare<\/p>\n\n\n\n<p class=\"has-text-align-center\">Rahastonhoitaja<br>Tommi Raevuori<\/p>\n\n\n\n<p class=\"has-text-align-center\">Tiedotus- ja somevastaava<br>Ida von Bagh<\/p>\n<\/div><\/div>\n\n\n\n<p><\/p>\n<\/details>\n\n\n\n<details class=\"wp-block-details is-layout-flow wp-block-details-is-layout-flow\"><summary><strong>Lukuvuoden 2020-2021 hallitus<\/strong><\/summary>\n<div class=\"wp-block-group\"><div class=\"wp-block-group__inner-container is-layout-constrained wp-block-group-is-layout-constrained\">\n<p class=\"has-text-align-center\">Puheenjohtaja ja sosiaalipoliittinen vastaava<br>Jasmin Leivo<\/p>\n\n\n\n<p class=\"has-text-align-center\">Varapuheenjohtaja ja koulutuspoliittinen vastaava<br>Tommi Raevuori<\/p>\n\n\n\n<p class=\"has-text-align-center\">Sihteeri<br>Orion Petlin<\/p>\n\n\n\n<p class=\"has-text-align-center\">Rahastonhoitaja<br>Reetta Meril\u00e4inen<\/p>\n\n\n\n<p class=\"has-text-align-center\">Tiedotus- ja somevastaava<br>Ida von Bagh<\/p>\n<\/div><\/div>\n\n\n\n<p><\/p>\n<\/details>\n\n\n\n<details class=\"wp-block-details is-layout-flow wp-block-details-is-layout-flow\"><summary><strong>Lukuvuoden 2019-2020 hallitus<\/strong><\/summary>\n<div class=\"wp-block-group\"><div class=\"wp-block-group__inner-container is-layout-constrained wp-block-group-is-layout-constrained\">\n<p class=\"has-text-align-center\">Puheenjohtaja ja koulutuspoliittinen vastaava<br>Jasmin Leivo<\/p>\n\n\n\n<p class=\"has-text-align-center\">Varapuheenjohtaja ja sosiaalipoliittinen vastaava<br>Tommi Raevuori<\/p>\n\n\n\n<p class=\"has-text-align-center\">Sihteeri<br>Orion Petlin<\/p>\n\n\n\n<p class=\"has-text-align-center\">Rahastonhoitaja<br>Sanna Lukkarila<\/p>\n\n\n\n<p class=\"has-text-align-center\">Tiedotusvastaava<br>Reetta Meril\u00e4inen<\/p>\n\n\n\n<p class=\"has-text-align-center\">* * *<\/p>\n<\/div><\/div>\n\n\n\n<p><\/p>\n<\/details>\n\n\n\n<details class=\"wp-block-details is-layout-flow wp-block-details-is-layout-flow\"><summary><strong>Lukuvuoden 2018-2019 hallitus<\/strong><\/summary>\n<div class=\"wp-block-group\"><div class=\"wp-block-group__inner-container is-layout-constrained wp-block-group-is-layout-constrained\">\n<p class=\"has-text-align-center\">Puheenjohtaja ja koulutuspoliittinen vastaava<br>Timo Heikkinen<\/p>\n\n\n\n<p class=\"has-text-align-center\">Varapuheenjohtaja ja sosiaalipoliittinen vastaava<br>Jalmari Salater\u00e4 (syksy 2018, vaihdossa kev\u00e4\u00e4n 2019)<br>Visa Helenius (kev\u00e4t 2019)<\/p>\n\n\n\n<p class=\"has-text-align-center\">Sihteeri<br>Arvo M\u00e4kil\u00e4<\/p>\n\n\n\n<p class=\"has-text-align-center\">Rahastonhoitaja<br>Sanna Lukkarila<\/p>\n\n\n\n<p class=\"has-text-align-center\">Tiedotusvastaava<br>Jasmin Leivo<\/p>\n<\/div><\/div>\n\n\n\n<p><\/p>\n<\/details>\n\n\n\n<details class=\"wp-block-details is-layout-flow wp-block-details-is-layout-flow\"><summary><strong>Lukuvuoden 2017-2018 hallitus<\/strong><\/summary>\n<div class=\"wp-block-group\"><div class=\"wp-block-group__inner-container is-layout-constrained wp-block-group-is-layout-constrained\">\n<p class=\"has-text-align-center\">Puheenjohtaja ja koulutuspoliittinen vastaava<br>Iida Huitula<\/p>\n\n\n\n<p class=\"has-text-align-center\">Varapuheenjohtaja ja sosiaalipoliittinen vastaava<br>Visa Helenius<\/p>\n\n\n\n<p class=\"has-text-align-center\">Sihteeri<br>Anna Koivuniemi<\/p>\n\n\n\n<p class=\"has-text-align-center\">Rahastonhoitaja<br>Timo Heikkinen<\/p>\n\n\n\n<p class=\"has-text-align-center\">Tiedotusvastaava<br>Jasmin Leivo<\/p>\n<\/div><\/div>\n\n\n\n<p><\/p>\n<\/details>\n\n\n\n<details class=\"wp-block-details is-layout-flow wp-block-details-is-layout-flow\"><summary><strong>Lukuvuoden 2016-2017 hallitus<\/strong><\/summary>\n<div class=\"wp-block-group\"><div class=\"wp-block-group__inner-container is-layout-constrained wp-block-group-is-layout-constrained\">\n<p class=\"has-text-align-center\">Puheenjohtaja ja Koulutuspoliittinen vastaava<br>Maria Jokela<\/p>\n\n\n\n<p class=\"has-text-align-center\">Varapuheenjohtaja ja Sosiaalipoliittinen vastaava<br>Tiia Topinoja<\/p>\n\n\n\n<p class=\"has-text-align-center\">Sihteeri<br>Anna Koivuniemi<\/p>\n\n\n\n<p class=\"has-text-align-center\">Rahastonhoitaja<br>Iida Huitula<\/p>\n\n\n\n<p class=\"has-text-align-center\">Tiedotusvastaava<br>Maria Jokela<strong><br><\/strong><\/p>\n<\/div><\/div>\n\n\n\n<p><\/p>\n<\/details>\n\n\n\n<details class=\"wp-block-details is-layout-flow wp-block-details-is-layout-flow\"><summary><strong>Lukuvuoden 2015-2016 hallitus<\/strong><\/summary>\n<p class=\"has-text-align-center\">Puheenjohtaja ja koulutuspoliittinen vastaava<br>&nbsp;Suvi Kivimaa<\/p>\n\n\n\n<p class=\"has-text-align-center\">Varapuheenjohtaja ja sosiaalipoliittinen vastaava<br>Tiia Topinoja<\/p>\n\n\n\n<p class=\"has-text-align-center\">Sihteeri<br>Anu Hinkkuri<\/p>\n\n\n\n<p class=\"has-text-align-center\">Rahastonhoitaja<br>Iida Huitula<\/p>\n\n\n\n<p class=\"has-text-align-center\">Tiedotusvastaava<br>Maria Jokela<\/p>\n\n\n\n<p><\/p>\n<\/details>\n\n\n\n<details class=\"wp-block-details is-layout-flow wp-block-details-is-layout-flow\"><summary><strong>Lukuvuoden 2014-2015 hallitus<\/strong><\/summary>\n<div class=\"wp-block-group\"><div class=\"wp-block-group__inner-container is-layout-constrained wp-block-group-is-layout-constrained\">\n<p class=\"has-text-align-center\">Puheenjohtaja ja Koulutuspoliittinen vastaava<br>Veera Toukola<\/p>\n\n\n\n<p class=\"has-text-align-center\">Varapuheenjohtaja ja Sosiaalipoliittinen vastaava<br>Tiia Topinoja<br>\ufeff<br>Sihteeri<br>Anu Hinkkuri<\/p>\n\n\n\n<p class=\"has-text-align-center\">Rahastonhoitaja<br>Suvi Kivimaa<\/p>\n\n\n\n<p class=\"has-text-align-center\">&nbsp;Tiedotusvastaava<br>Maria Jokela<\/p>\n<\/div><\/div>\n\n\n\n<p><\/p>\n<\/details>\n\n\n\n<details class=\"wp-block-details is-layout-flow wp-block-details-is-layout-flow\"><summary><strong>Lukuvuoden 2013-2014 hallitus<\/strong><\/summary>\n<div class=\"wp-block-group\"><div class=\"wp-block-group__inner-container is-layout-constrained wp-block-group-is-layout-constrained\">\n<p class=\"has-text-align-center\">Puheenjohtaja ja koulutuspoliittinen vastaava<br>Petra L\u00e4hde<\/p>\n\n\n\n<p class=\"has-text-align-center\">Varapuheenjohtaja<br>Eeva M\u00e4kel\u00e4<\/p>\n\n\n\n<p class=\"has-text-align-center\">Sihteeri<br>Veera Toukola<\/p>\n\n\n\n<p class=\"has-text-align-center\">Rahastonhoitaja<br>Suvi Kivimaa<\/p>\n\n\n\n<p class=\"has-text-align-center\">Tiedotusvastaava<br>Magda Hukari<\/p>\n\n\n\n<p class=\"has-text-align-center\">Sosiaalipoliittinen vastaava<br>Tiia Topinoja<\/p>\n<\/div><\/div>\n\n\n\n<p><\/p>\n<\/details>\n\n\n\n<details class=\"wp-block-details is-layout-flow wp-block-details-is-layout-flow\"><summary><strong>Lukuvuoden 2012-2013 hallitus<\/strong><\/summary>\n<div class=\"wp-block-group\"><div class=\"wp-block-group__inner-container is-layout-constrained wp-block-group-is-layout-constrained\">\n<p class=\"has-text-align-center\">Puheenjohtaja ja koulutuspoliittinen vastaava<br>\u1f0c\u03c1\u03c7\u03c9\u03bd \u03ba\u03b1\u1f76 \u03a0\u03b1\u03b9\u03b4\u03bf\u03bd\u03cc\u03bc\u03bf\u03c2<br>Matti Nikama<\/p>\n\n\n\n<p class=\"has-text-align-center\">Varapuheenjohtaja ja sosiaalipoliittinen vastaava<br>\u0398\u03b5\u03c3\u03bc\u03cc\u03b8\u03b5\u03c4\u03b9\u03c2 \u03ba\u03b1\u1f76 \u0395\u1f50\u03c6\u03bf\u03c1\u03b9\u03ac\u03c1\u03c7\u03bf\u03c5\u03c3\u03b1<br>Magda Hukari<\/p>\n\n\n\n<p class=\"has-text-align-center\">Sihteeri<br>\u0393\u03c1\u03b1\u03bc\u03bc\u03b1\u03c4\u03b5\u03cd\u03bf\u03c5\u03c3\u03b1<br>Veera Toukola<\/p>\n\n\n\n<p class=\"has-text-align-center\">Rahastonhoitaja<br>\u1f18\u03c0\u03b9\u03bc\u03b5\u03bb\u03b7\u03c4\u03af\u03c2<br>Eeva M\u00e4kel\u00e4<\/p>\n\n\n\n<p class=\"has-text-align-center\">Tiedotusvastaava<br>\u039a\u03b7\u03c1\u03cd\u03ba\u03b1\u03b9\u03bd\u03b1<br>Laura Turpeinen<\/p>\n<\/div><\/div>\n\n\n\n<p><\/p>\n<\/details>\n","protected":false},"excerpt":{"rendered":"<p>Lukuvuoden 2025-2026 hallitus PuheenjohtajaVeeti Kallio, vokall@utu.fi Varapuheenjohtaja, tiedostusvastaavaSiiri Hyv\u00e4rinen, sshyva@utu.fi Sihteeri, Arcanumin tilavastaavaDea Hotanen, dxhota@utu.fi Taloudenhoitaja, tuutorivastaavaPauliina Laine, pauliina.ai.laine@utu.fi Koulutuspoliittinen vastaavaSirkku Ullgren, sirkku.p.ullgren@utu.fi Sosiaalipoliittinen vastaavaPauliina Sarasoja, ida.p.sarasoja@utu.fi TapahtumavastaavatPekka Pantsu, peppan@utu.fiPauliina Sarasoja, ida.p.sarasoja@utu.fiSirkku Ullgren, sirkku.p.ullgren@utu.fi H\u00e4irint\u00e4yhdyshenkil\u00f6tSirkku Ullgren, sirkku.p.ullgren@utu.fiDea Hotanen, dxhota@utu.fi Vanhat hallitukset<\/p>\n","protected":false},"author":3072,"featured_media":0,"parent":0,"menu_order":0,"comment_status":"closed","ping_status":"closed","template":"","meta":{"footnotes":""},"class_list":["post-14","page","type-page","status-publish","czr-hentry"],"_links":{"self":[{"href":"https:\/\/tyyala.utu.fi\/palladion\/wp-json\/wp\/v2\/pages\/14","targetHints":{"allow":["GET"]}}],"collection":[{"href":"https:\/\/tyyala.utu.fi\/palladion\/wp-json\/wp\/v2\/pages"}],"about":[{"href":"https:\/\/tyyala.utu.fi\/palladion\/wp-json\/wp\/v2\/types\/page"}],"author":[{"embeddable":true,"href":"https:\/\/tyyala.utu.fi\/palladion\/wp-json\/wp\/v2\/users\/3072"}],"replies":[{"embeddable":true,"href":"https:\/\/tyyala.utu.fi\/palladion\/wp-json\/wp\/v2\/comments?post=14"}],"version-history":[{"count":36,"href":"https:\/\/tyyala.utu.fi\/palladion\/wp-json\/wp\/v2\/pages\/14\/revisions"}],"predecessor-version":[{"id":393,"href":"https:\/\/tyyala.utu.fi\/palladion\/wp-json\/wp\/v2\/pages\/14\/revisions\/393"}],"wp:attachment":[{"href":"https:\/\/tyyala.utu.fi\/palladion\/wp-json\/wp\/v2\/media?parent=14"}],"curies":[{"name":"wp","href":"https:\/\/api.w.org\/{rel}","templated":true}]}}