{"id":1984,"date":"2022-09-07T17:02:52","date_gmt":"2022-09-07T17:02:52","guid":{"rendered":"https:\/\/tyyala.utu.fi\/kutu\/?page_id=1984"},"modified":"2022-09-07T17:02:53","modified_gmt":"2022-09-07T17:02:53","slug":"historia","status":"publish","type":"page","link":"https:\/\/tyyala.utu.fi\/kutu\/historia\/","title":{"rendered":"Historia"},"content":{"rendered":"\n<div class=\"wp-block-image\"><figure class=\"alignright\"><img loading=\"lazy\" decoding=\"async\" width=\"150\" height=\"108\" src=\"https:\/\/tyyala.utu.fi\/seita\/wp-content\/uploads\/sites\/18\/2018\/03\/nefa.jpg\" alt=\"\" class=\"wp-image-1381\" \/><\/figure><\/div>\n\n\n\n<p><strong>NEFA-Turku ry:n pieni suuri historia*<\/strong><\/p>\n\n\n\n<p>NEFA-Turku ry toimi Turun yliopiston folkloristiikan ja kansatieteen opiskelijoiden ainej\u00e4rjest\u00f6n\u00e4 vuosina 1969\u20132016. Ainej\u00e4rjest\u00f6 oli osa pohjoismaista opiskelijoiden ja nuorten tutkijoiden verkostoa, johon my\u00f6s yhdistyksen nimen etuliite viittasi (NEFA = Nordisk etnologisk och folkloristisk arbetsgrupp). NEFA-Turku ry, tuttavallisemmin Nefa, toimi paikallisosastona 1963 perustetulle kattoj\u00e4rjest\u00f6 NEFA-Nordenille, jolla oli muita j\u00e4senj\u00e4rjest\u00f6j\u00e4 Suomen lis\u00e4ksi muissa Pohjoismaissa ja my\u00f6hemmin my\u00f6s Virossa. Vuonna 2015 folkloristiikan, kansatieteen ja uskontotieteen opiskelijat perustivat uuden yhteisen ainej\u00e4rjest\u00f6n, joka korvasi NEFA-Turku ry:n ja uskontotieteen opiskelijoiden Nirvana ry:n vuoden 2016 alusta l\u00e4htien.<\/p>\n\n\n\n<p><strong>1970-luvun alkuh\u00e4m\u00e4r\u00e4t: yhteinen j\u00e4rjest\u00f6 \u00c5bo Akademin opiskelijoiden kanssa<\/strong><\/p>\n\n\n\n<p>1970-luvulla NEFA-Turku oli Turun yliopiston kansatieteen ja folkloristiikan sek\u00e4 \u00c5bo Akademin etnologian ja folkloristiikan opiskelijoiden yhteinen j\u00e4rjest\u00f6. Ainej\u00e4rjest\u00f6n teht\u00e4v\u00e4n\u00e4 on huolehtia opiskelijoidensa eduista molemmissa yliopistoista sek\u00e4 pohjoismaisesta yhteisty\u00f6st\u00e4. S\u00e4\u00e4nt\u00f6jen mukaan puolet hallituksen j\u00e4senist\u00e4 oli oltava Turun yliopistosta ja puolet \u00c5bo Akademista. Yhdistyksen viralliset kielet olivat sek\u00e4 suomi ett\u00e4 ruotsi.<\/p>\n\n\n\n<p>1970-luvulla NEFA-Turun toimintaan kuuluivat tiiviisti kattoj\u00e4rjest\u00f6 NEFA-Nordenin kokoukset ja seminaarit, joita j\u00e4rjestettiin vuosittain eri kaupungeissa eri Pohjoismaissa. Elokuussa 1973 juhlittiin NEFA-Nordenin 10-vuotista taivalta seminaarin yhteydess\u00e4 Uppsalassa: Suomesta matkasi Ruotsiin n. 20 osallistujaa, ja juhlallisuuksiin kuuluivat cocktail-tilaisuus, illallinen ja tanssia.<\/p>\n\n\n\n<p>NEFA-Turku ry:n rooli olla opiskeluja tukeva ja opintosuuntautunut j\u00e4rjest\u00f6: esimerkiksi vuonna 1972 Suomen opetusministeri\u00f6 kaipasi Suomen NEFA-j\u00e4rjest\u00f6ilt\u00e4 mielipidett\u00e4 kansatieteen ja kansanrunoudentutkimuksen jatkokoulutuksen j\u00e4rjest\u00e4misest\u00e4 tulevaisuudessa. Vuonna 1973 pohdittiin toiminnan painotuksia: tulisiko toiminnan suoraan kehitt\u00e4\u00e4 j\u00e4senten tieteellist\u00e4 osaamista, ja mik\u00e4 oli pohjoismaisten kontaktien ja toiminnan merkitys.<\/p>\n\n\n\n<p>Toimintaan kuului mm. teatterik\u00e4ynnit, valokuvauskurssin ja muunlaisen kurssitoiminnan sek\u00e4 vierailuluentojen j\u00e4rjest\u00e4minen. J\u00e4rjest\u00f6 julkaisi my\u00f6s NEFABOINFO-nimist\u00e4 informaatiolehtist\u00e4 keksim\u00e4\u00e4rin muutaman kerran lukuvuodessa sek\u00e4 huolehti toki nefalaisten vapaa-ajasta pikkujoulujuhlien, laskiaisen vieton ja erilaisten teemakeskusteluiltojen kautta. Pikkujouluja juhlittiin usein yhdess\u00e4 oppiaineiden henkil\u00f6kunnan kanssa Liedon Vanhalinnassa, ja ohjelmaan kuului jouluruokailu, Lucia-neito ja Tiernapojat-n\u00e4ytelm\u00e4n esitt\u00e4minen.<\/p>\n\n\n\n<p>J\u00e4senist\u00f6lle j\u00e4rjestettiin my\u00f6s erilaisia illanistujaisia pitkin vuotta, ja ne saattoivat sis\u00e4lt\u00e4\u00e4 arpajaisia, filmien esityksi\u00e4, laulua, esiintyji\u00e4 tai muuta ohjelmaa, ylip\u00e4\u00e4t\u00e4\u00e4n \u201dmukavaa meininki\u00e4\u201d \u2013 niinkin villi\u00e4 meininki\u00e4, ett\u00e4 lokakuussa 1974 Nefa sai valituksen illanistujaisten j\u00e4lkeen y\u00f6ksi auki j\u00e4tetyst\u00e4 ikkunasta, ja varapuheenjohtaja joutui selvitt\u00e4m\u00e4\u00e4n asiaa dekaanin kanssa. Vapaa-ajanvietossa opiskelijoita palvelivat yliopiston Kellarikuppila, Iskerin Musiikkisali ja Yo-kyl\u00e4n y\u00f6kerho Ikituuri. Kunnon nefalaisen varustukseen kuului my\u00f6s Nefan logolla varustettu paita tai anorakki. Ajan hengen mukaisesti vuonna 1977 nefalaiset pohtivat mm. Suomi\u2013Neuvostoliitto -yhdistykseen liittymist\u00e4, mutta p\u00e4\u00e4ttiv\u00e4t j\u00e4tt\u00e4\u00e4 liittymisen jokaisen j\u00e4senen oman harkinnan varaan.<\/p>\n\n\n\n<p>1970- ja 1980-luvun vaihteessa Turun yliopiston ja \u00c5bo Akademin opiskelijoiden yhteinen j\u00e4rjest\u00f6 tuli tiens\u00e4 p\u00e4\u00e4h\u00e4n: NEFA-Turusta (aiemmin NEFA-Turku-\u00c5bo) tuli vuonna 1982 ainoastaan Turun yliopiston kansatieteen ja folkloristiikan opiskelijoita palveleva ainej\u00e4rjest\u00f6. \u00c5bo Akademin opiskelijat perustivat oman Kulturisten-j\u00e4rjest\u00f6ns\u00e4.<\/p>\n\n\n\n<p><strong>1980-luku: yhteisty\u00f6 Nirvanan ja Varen kanssa alkaa<\/strong><\/p>\n\n\n\n<p>1980-luvulla Turun nefalaiset jatkoivat aktiivista osallistumistaan kattoj\u00e4rjest\u00f6 NEFA-Nordenin toimintaan. My\u00f6s Suomen NEFA-j\u00e4rjest\u00f6t tekiv\u00e4t yhteisty\u00f6t\u00e4 kesken\u00e4\u00e4n oman seminaarin ja tapaamisten kautta. Uusia opiskelijoita houkuteltiin mukaan toimintaan j\u00e4rjest\u00e4m\u00e4ll\u00e4 syksyisin ainej\u00e4rjest\u00f6n toimintaa esittelev\u00e4 tutustumisilta ja tutustumisbileet. Ainej\u00e4rjest\u00f6lehti M\u00e4\u00e4likk\u00e4\u00e4 julkaistiin muutaman kerran vuodessa. Nimikilpailun tuloksena &nbsp;M\u00e4\u00e4likk\u00e4 tosin vaihtui vuosiksi 1988\u20131991 Kansat eteenp\u00e4in -lehdeksi. Vuonna 1984 \u201dkevyehk\u00f6n ohjelma\u201d todettiin puuttuvan Nefan toiminnasta l\u00e4hes kokonaan, ja vapaamuotoisen toiminnan lis\u00e4\u00e4minen otettiinkin tavoitteeksi seuraavan vuoden toimintasuunnitelmassa. Toisaalta muutama vuosi my\u00f6hemmin toimijat halusivat kohentaa Nefan profiilia nimenomaan ainej\u00e4rjest\u00f6n\u00e4 ja opiskelijoiden etuj\u00e4rjest\u00f6n\u00e4, ja suunnitelmissa korostui opinto- ja ty\u00f6el\u00e4m\u00e4suuntautuneisuus.<\/p>\n\n\n\n<p>Yhteisty\u00f6 arkeologian opiskelijoiden ainej\u00e4rjest\u00f6 Vare ry:n sek\u00e4 uskontotieteen opiskelijoiden Nirvana ry:n kanssa sai jalansijaa 1980-luvun aikana. J\u00e4rjest\u00f6t hankkivat yhteisen toimistotilan Yo-talo B:st\u00e4. Vuoden 1983 Nefan hallituksen kokouksen asialistalla olikin kohta \u201dVappusikailut\u201d, jossa paheksuttiin toimiston sotkuisuutta \u2013 \u201djotkut olivat ilmeisesti olleet jatkoilla eiv\u00e4tk\u00e4 korjanneet j\u00e4lki\u00e4\u00e4n\u201d. Hallituksen kokouksessa toivottiin my\u00f6s mahdollisimman aktiivista osanottoa rauhanmarssille lokakuussa 1983.<\/p>\n\n\n\n<p>Vuonna 1984 pohdittiin yhteisen toiminnan lis\u00e4\u00e4mist\u00e4 esimerkiksi yhteisten illanviettojen muodossa: j\u00e4rjestettyyn yhteisty\u00f6kokoukseen saapui yksi nefalainen ja nelj\u00e4 varelaista (eli putkeen meni). Pikkujouluista, laskiaisenvietosta, syksyn tutustumisbileist\u00e4 tuli joka tapauksessa pitk\u00e4lti &nbsp;nefalaisten, varelaisten ja nirvanalaisten yhteisi\u00e4 tapahtumia. Vuosikymmenen lopulla Nefalla oli hetken aikaa yhteiset toimistotilat Nirvanan ja Vareen kanssa my\u00f6s Kirkkotiell\u00e4 sijainneessa ylioppilaskunnan Ainej\u00e4rjest\u00f6keskuksessa. Vuonna 1987 p\u00e4iv\u00e4nvalon n\u00e4hneest\u00e4 Pyh\u00e4n Urhon p\u00e4iv\u00e4n vietosta tuli heti seuraavana vuonna osa Nefan vuosittaisia tapahtumia: 16.3.1988 keskip\u00e4iv\u00e4ll\u00e4 Nefa ja Nirvana esittiv\u00e4t kuvaelman oppiaineiden silloisen kotirakennuksen Fennicumin aulassa, ja illalla j\u00e4rjestettiin yhteiset juhlat.<\/p>\n\n\n\n<p>Laskiaisjuhlaa tai -riehaa vietettiin usein m\u00e4enlaskun, kaakaon ja laskiaispullien merkeiss\u00e4, ja pikkujouluja j\u00e4rjestettiin \u201dperinteisesti naamiaisjuhlana\u201d; ohjelmassa oli kaikkea arpajaisista nukketeatteriin. Vuonna 1985 NEFA-Turku ry p\u00e4\u00e4tti juhlia Kalevalan juhlavuotta \u201dei perinteisen Kalevala-juhlan\u201d merkeiss\u00e4. Juhlista kerrottiin hallituksen kokouksen p\u00f6yt\u00e4kirjassa seuraavasti: \u201dSKOn ja NEFAn yhteiset Kalevalajuhlat tuottivat tappiota 4,10 markkaa. SKO huolehtii tappiosta. Kiitos. Juhlista on p\u00e4\u00e4asiassa kuultu positiivista palautetta. Joku on sanonut niit\u00e4 tyls\u00e4ksikin.\u201d<\/p>\n\n\n\n<p>1980-luvulla aktiiviset nefalaiset mm. j\u00e4rjestiv\u00e4t bussimatkan Kreikkaan varelaisten kanssa, osallistuivat NEFA-Nordenin Unkarin opintomatkalle ja j\u00e4rjesteliv\u00e4t NEFA-Nordenin kentt\u00e4ty\u00f6seminaaria Lohjalla. Opiskelijoiden suosima ravintolakapakka H\u00e4meenportti palveli nefalaisia \u2013 ainakin vuoden 1987 syyskokouksen \u201dj\u00e4lkipuinnit aktuaalistuivat H\u00e4meenportin kabinetissa\u201d.<\/p>\n\n\n\n<p><strong>Ainej\u00e4rjest\u00f6tila Kopin aikakausi alkaa 1990-luvulla<\/strong><\/p>\n\n\n\n<p>Helmikuussa 1990 Nelson Mandela vapautui vankilasta 27 vuoden j\u00e4lkeen \u2013 ja totta kai Nefan kokouksen META-kohdassa keskusteltiin osallistumisesta Mandelan onnitteluilmoitukseen. 1990-luvulla Turun nefalaiset olivat edelleen mukana NEFA-Nordenin toiminnassa, ja kattoj\u00e4rjest\u00f6n toimintaa haluttiin laajentaa my\u00f6s Baltian maihin. Vuonna 1992 turkulaiset opiskelijat saivatkin vieraita Virosta NEFA-Tartosta. Vuonna 1994 Estonia-onnettomuus laski (ei niin) yll\u00e4tt\u00e4en kiinnostuneiden osallistujien m\u00e4\u00e4r\u00e4\u00e4 Viron ekskursiolle.<\/p>\n\n\n\n<p>Tapahtumia ja juhlia j\u00e4rjestettiin vuosittain paljon: Nefan vuosittaisessa tapahtumakalenterissa toistuivat laskiainen (\u201dperinteiset, boolilla kostutetut bileet\u201d), Pyh\u00e4n Urhon p\u00e4iv\u00e4n vietto, vappu, kev\u00e4tpiknik, tutustumisbileet ja pikkujoulujuhlat. Ensimm\u00e4isen kerran kev\u00e4\u00e4ll\u00e4 1994 \u201dvanhan ajan hengess\u00e4\u201d j\u00e4rjestetyst\u00e4 piknikist\u00e4 mainitaan kyseisen vuoden toimintakertomuksessa seuraavaa:<\/p>\n\n\n\n<blockquote class=\"wp-block-quote is-layout-flow wp-block-quote-is-layout-flow\"><p>Piknikist\u00e4 on tulossa vuoren varma vuosittainen tapahtuma tyyliin valkoisetvaatteetvihrein\u00e4nurmikosta-tapahtuma. Tyt\u00f6t t\u00e4ll\u00e4ytyiv\u00e4t kev\u00e4tkolttuihin ja hattuihin ja pojilla varusteena olkihattu, vaaleat housut ja takki. Mukana t\u00e4ytekakut, kuohuviinit, snapsit ja muut purtavat.<\/p><\/blockquote>\n\n\n\n<p>N\u00e4iden lis\u00e4ksi j\u00e4rjestettiin saunailtoja, perustettiin Nefan oman panimo \u2013 eli hankittiin kotiviinintekov\u00e4lineet (\u201dNefan panimo, panimoperinnett\u00e4 jo maaliskuusta l\u00e4htien, jatkaa j\u00e4senist\u00f6n suuresti suosimaa toimintaansa kunniakkaasti my\u00f6s vuoden 1995 ajan\u201d). Vuosina 1994 ja 1999 juhlittiin NEFA-Turun 25-vuotista ja 30-vuotista taivalta vuosijuhlien merkeiss\u00e4. &nbsp;Vuoden 1994 toimintakertomuksessa kerrattiin vuosijuhlien meininkej\u00e4:<\/p>\n\n\n\n<blockquote class=\"wp-block-quote is-layout-flow wp-block-quote-is-layout-flow\"><p>Iltapukujuhla sai loistavan vastaanoton nykyisten ja eritt\u00e4in vanhojen opiskelijoiden keskuudessa. 1970-luvun ja 1980-luvun opiskelijat osoittautuivat edelleen \u201dradikaaleiksi -ismeiksi\u201d ja olivat nyreiss\u00e4\u00e4n moisesta kapitalistisesta rappiohumpuukikulttuurista. Tapahtuma oli t\u00e4ss\u00e4 muodossaan NEFAn historian ensimm\u00e4inen ja toivommekin sen muodostuvan el\u00e4v\u00e4ksi perinteeksi viiden vuoden v\u00e4lein j\u00e4rjestett\u00e4v\u00e4ksi tapahtumaksi. Tuleville hallituksille arkistoitiin tietoa ja vinkkej\u00e4 j\u00e4rjestelyist\u00e4 ja itse illasta.<\/p><\/blockquote>\n\n\n\n<p>My\u00f6s rastikierroksena j\u00e4rjestett\u00e4v\u00e4t kastajaiset \u2013 vaihdellen ilmeisesti yhdess\u00e4 arkeologien ja uskontotieteilij\u00f6iden kanssa yhdess\u00e4 j\u00e4rjestetyt \u2013 tulivat osaksi Nefan toimintaa. Vuonna 1994 teht\u00e4vin\u00e4 oli esimerkiksi kansatieteellisen sarjakuvan piirt\u00e4minen, kvasimyytin tuottaminen ja pergamenttik\u00e4\u00e4r\u00f6n kaiveleminen hiekkamontusta. Kastajaissuunnitelman mukaan vanhoille opiskelijoille piirrettiin punaiset nen\u00e4t, arkeologian uusille keltaiset, folkloristiikan uusille siniset ja kansatieteen uusille opiskelijoille vihre\u00e4t. Kierros p\u00e4\u00e4ttyi varsinaiseen kasteeseen, jota suunnitelmapaperissa kuvailtiin seuraavasti:<\/p>\n\n\n\n<p>Mustaksi teipattuun kremikseen (=krematorio; tila ainej\u00e4rjest\u00f6tiloissa Yo-talo A:n ullakolla) tuodaan pari uutta kerrallaan. Amuletit uhrataan, nuori v\u00e4ri pest\u00e4\u00e4n pois ja piirret\u00e4\u00e4n tilalle punainen. Poistuessa Ovenvartija ojentaa kuohuviini\u00e4 sis\u00e4lt\u00e4v\u00e4n savikupin, josta kulaus kullekin. K\u00e4yt\u00e4v\u00e4 pidet\u00e4\u00e4n pime\u00e4n\u00e4, valoina vain karseat v\u00e4rilyhdyt. Porukkaa \u201dvartijoita tms.\u201d k\u00e4yt\u00e4v\u00e4ll\u00e4, mieluusti tummiin pukeutuneina.<\/p>\n\n\n\n<p>Vuoden 1993 lopulla nefalaiset allekirjoittivat vuokrasopimuksen ainej\u00e4rjest\u00f6tilasta Ylioppilastalo A:n ullakkokerroksesta yhdess\u00e4 Varen ja Nirvanan kanssa. K\u00e4yt\u00e4v\u00e4st\u00e4, kolmesta huoneesta, \u201dkeitti\u00f6st\u00e4\u201d ja h\u00e4m\u00e4rist\u00e4 sopukoista koostuneista toimistotiloista tuli j\u00e4rjest\u00f6jen kotipes\u00e4 aina vuoteen 2016 asti. Uudet ainej\u00e4rjest\u00f6tilat ehtiv\u00e4t olla puoli vuotta k\u00e4yt\u00f6ss\u00e4, kun jo saatiin ensimm\u00e4inen varoitus: \u201dMeuhkaamisen on loputtava!\u201d Alkuper\u00e4inen nimi Walhalla ei pysynyt k\u00e4yt\u00f6ss\u00e4, vaan tila tunnettiin opiskelijoiden keskuudessa toimistona ja my\u00f6hempin\u00e4 vuosina Koppi-nimell\u00e4. 2000-luvun vaihdetta kohti tullessa Pyh\u00e4n Urhon p\u00e4iv\u00e4n juhlien j\u00e4rjest\u00e4minen j\u00e4i Nefan harteille ja nefalaiset jatkoivat sit\u00e4 omana perinteen\u00e4\u00e4n. N\u00e4ytelm\u00e4n esitysvastuu siirtyi my\u00f6skin jo 1990-luvun puoliv\u00e4liss\u00e4 ensimm\u00e4isen vuoden opiskelijoiden vastuulle.<\/p>\n\n\n\n<p><strong>Aktiivinen 2000-luku (jolloin NEFA-Norden hiipuu) ja 2010-luku (jolloin Koppi ja NEFA-Turku haudataan)<\/strong><\/p>\n\n\n\n<p>2000-luvulla baaribileet, baarikierrokset ja satunnaisesti j\u00e4rjestetyt sitsit, fuksien vanhemmille opiskelijoille j\u00e4rjest\u00e4m\u00e4t kostajaiset ja ainej\u00e4rjest\u00f6tiloissa usein j\u00e4rjestetyt Koppibileet ilmestyiv\u00e4t Nefan tapahtumakalenteriin. My\u00f6s hieman ep\u00e4onnista \u201dKukkamekkovalkoisetvaatteet-piknikki\u00e4\u201d eli kev\u00e4tpiknikki\u00e4 yritettiin pit\u00e4\u00e4 hengiss\u00e4: Suomen kylm\u00e4 kev\u00e4t ei suosinut piknik-j\u00e4rjest\u00e4ji\u00e4 ainakaan vuonna 2002. Vuosina 2005 ja 2006 j\u00e4rjestettiin Retro Soikoon! \u2013 Turun avoimet akateemiset ilmakansanmusiikin mestaruuskilpailut. Vuosijuhlia vietettiin j\u00e4lleen vuosina 2004 ja 2009. Maaliskuussa 2005 j\u00e4rjestettiin \u201dJuo koppi turvalliseksi\u201d -teemabileet: tarkoituksena oli saada \u201dsen verran tyhji\u00e4 pulloja, ett\u00e4 Kopille saadaan paloh\u00e4lytin ja sen j\u00e4lkeen voidaan kutsua talonmies korjaamaan viem\u00e4ri\u201d. (Maagisesti viem\u00e4rikin korjaantuikin l\u00e4hes 10 vuotta my\u00f6hemmin.) Rakasta ainej\u00e4rjest\u00f6tila Koppia muistettiin vuonna 2009 helmikuussa j\u00e4rjest\u00e4m\u00e4ll\u00e4 15-vuotisjuhlat. Kastajaiset vakiintuivat yhteiseksi perinteeksi Vareen ja Nirvanan kanssa: tavan mukaan kulttuurintutkimuksen uudet opiskelijat saivat maistaa piim\u00e4kossua yhteisess\u00e4 Yliopistonm\u00e4ell\u00e4 j\u00e4rjestetyss\u00e4 rituaalissa.<\/p>\n\n\n\n<p>Nefan vaihtuvaan toimintaan kuuluivat mm. risteilyt, saunaillat, ekskursiot, seminaarin j\u00e4rjest\u00e4miset, m\u00f6lkkykilpailut, olympialaiset, jalkapallo-ottelut ja tarinaillat ainej\u00e4rjest\u00f6tiloissa. Toiminnassa painotettiin tietenkin my\u00f6s edunvalvontaa ja koulutuspolitiikkaa etenkin 2010-luvulle siirrytt\u00e4ess\u00e4. Vuonna 2009 ilmestyi ensimm\u00e4isen ja viimeisen kerran Nefan M\u00e4\u00e4likk\u00e4-lehden ja Nirvanan Samsara-lehden yhteispainos S\u00e4\u00e4likk\u00e4. Vuonna 2010 pyrittiin my\u00f6s her\u00e4tt\u00e4m\u00e4\u00e4n henkiin Nefan \u201dlegendaarinen\u201d kev\u00e4tpiknik, jolloin tapahtuma sai nimekseen valkoinen piknik.<\/p>\n\n\n\n<p>NEFA-Nordenin toiminta ja pohjoismainen yhteisty\u00f6 hiipui 2000-luvulle tultaessa, kunnes toiminta lakkasi kokonaan 2010-luvun vaihteessa. Vuonna 2010 perustettiin uusi, suomalaisia kulttuurintutkimuksen opiskelijoita yhdist\u00e4v\u00e4 kattoj\u00e4rjest\u00f6 Kulttuurintutkimuksen opiskelijat Kulo ry (<a href=\"http:\/\/kulory.fi\/\">http:\/\/kulory.fi\/<\/a>), jonka tarkoituksena on jatkaa NEFA-Nordenin ja kotimaisten NEFA-j\u00e4rjest\u00f6jen verkoston jalanj\u00e4ljiss\u00e4.<\/p>\n\n\n\n<p>Joulukuussa 2014 NEFA-Turku ry juhli 45-vuotiasta historiaansa akateemisen iltajuhlan merkeiss\u00e4 kulttuuritehdas Manillassa. Vuonna 2015 Nefa ja Nirvana k\u00e4viv\u00e4t aktiivisesti keskusteluja yhteisen ainej\u00e4rjest\u00f6n perustamisesta yhteisen valintakokeen ja perusopintojen yhdist\u00e4misen my\u00f6t\u00e4 \u2013 takana oli tuolloin jo vuosikymmenten tiivis yhteisty\u00f6 ainej\u00e4rjest\u00f6jen kesken. Kes\u00e4kuussa 2015 perustettiin uusi, yhteinen ainej\u00e4rjest\u00f6. Koko 2010-luku k\u00e4ytiin my\u00f6s keskusteluja TYS:in ja TYY:n kanssa ainej\u00e4rjest\u00f6tiloista, kunnes vihdoin vuonna 2016 Kopista oli luovuttava yo-talo A:n remontin my\u00f6t\u00e4. Kopin hautajaisia (<a href=\"https:\/\/www.tylkkari.fi\/kampus\/sorkalla-siunatut-hautajaiset\">https:\/\/www.tylkkari.fi\/kampus\/sorkalla-siunatut-hautajaiset<\/a>) vietettiin helmikuussa 2016, ja rakkaasta ainej\u00e4rjest\u00f6tilasta toimitettiin Koppi-historiikki.<\/p>\n\n\n\n<p>NEFA-Turku ry:n hautajaisia juhlittiin ainej\u00e4rjest\u00f6n pitk\u00e4\u00e4 historiaa kunnioittaen toukokuussa 2016 Vanhan Raatihuoneen kellarissa, jonne ker\u00e4\u00e4ntyi nefalaisia eri vuosikymmenilt\u00e4 muistelemaan ainej\u00e4rjest\u00f6n toimintaa. Hautajaisten yhteydess\u00e4 julkaistiin my\u00f6s historian viimeinen M\u00e4\u00e4likk\u00e4 \u2013 arvokkaaseen hetkeen sopivasti \u201dLihalliset himot ja uudelleensyntym\u00e4\u201d -teemalla.<\/p>\n\n\n\n<p>*Tiedot perustuvat Nefan arkistoituihin p\u00f6yt\u00e4kirjoihin ja toimintakertomuksiin.<\/p>\n\n\n\n<hr class=\"wp-block-separator\" \/>\n\n\n\n<p><\/p>\n","protected":false},"excerpt":{"rendered":"<p>NEFA-Turku ry:n pieni suuri historia* NEFA-Turku ry toimi Turun yliopiston folkloristiikan ja kansatieteen opiskelijoiden ainej\u00e4rjest\u00f6n\u00e4 vuosina 1969\u20132016. Ainej\u00e4rjest\u00f6 oli osa pohjoismaista opiskelijoiden ja nuorten tutkijoiden verkostoa, johon my\u00f6s yhdistyksen nimen etuliite viittasi (NEFA = Nordisk etnologisk och folkloristisk arbetsgrupp). NEFA-Turku ry, tuttavallisemmin Nefa, toimi paikallisosastona 1963 perustetulle kattoj\u00e4rjest\u00f6 NEFA-Nordenille, jolla oli muita j\u00e4senj\u00e4rjest\u00f6j\u00e4 Suomen lis\u00e4ksi &hellip; <a href=\"https:\/\/tyyala.utu.fi\/kutu\/historia\/\" class=\"more-link\">Jatka artikkeliin <span class=\"screen-reader-text\">Historia<\/span><\/a><\/p>\n","protected":false},"author":1520,"featured_media":0,"parent":0,"menu_order":0,"comment_status":"closed","ping_status":"closed","template":"","meta":{"footnotes":""},"class_list":["post-1984","page","type-page","status-publish","hentry"],"_links":{"self":[{"href":"https:\/\/tyyala.utu.fi\/kutu\/wp-json\/wp\/v2\/pages\/1984","targetHints":{"allow":["GET"]}}],"collection":[{"href":"https:\/\/tyyala.utu.fi\/kutu\/wp-json\/wp\/v2\/pages"}],"about":[{"href":"https:\/\/tyyala.utu.fi\/kutu\/wp-json\/wp\/v2\/types\/page"}],"author":[{"embeddable":true,"href":"https:\/\/tyyala.utu.fi\/kutu\/wp-json\/wp\/v2\/users\/1520"}],"replies":[{"embeddable":true,"href":"https:\/\/tyyala.utu.fi\/kutu\/wp-json\/wp\/v2\/comments?post=1984"}],"version-history":[{"count":1,"href":"https:\/\/tyyala.utu.fi\/kutu\/wp-json\/wp\/v2\/pages\/1984\/revisions"}],"predecessor-version":[{"id":1985,"href":"https:\/\/tyyala.utu.fi\/kutu\/wp-json\/wp\/v2\/pages\/1984\/revisions\/1985"}],"wp:attachment":[{"href":"https:\/\/tyyala.utu.fi\/kutu\/wp-json\/wp\/v2\/media?parent=1984"}],"curies":[{"name":"wp","href":"https:\/\/api.w.org\/{rel}","templated":true}]}}