{"id":902,"date":"2017-09-22T12:48:38","date_gmt":"2017-09-22T09:48:38","guid":{"rendered":"http:\/\/tyyala.utu.fi\/iva\/?page_id=902"},"modified":"2026-03-25T14:35:06","modified_gmt":"2026-03-25T12:35:06","slug":"toimihenkilotjatiimit","status":"publish","type":"page","link":"https:\/\/tyyala.utu.fi\/iva\/hallitus\/toimihenkilotjatiimit\/","title":{"rendered":"Toimihenkil\u00f6t ja tiimit"},"content":{"rendered":"\n<p><\/p>\n\n\n<h3>\u00a0<\/h3>\n<h3>Vuoden 2026 toimihenkil\u00f6t ja tiimit \/ Employees and teams for the year 2026<\/h3>\n<h4>Tapahtumatoimihenkil\u00f6t \/ Event team employees<\/h4>\n<p>Toimivat tapahtumavastaavan apuna tapahtumien j\u00e4rjest\u00e4misess\u00e4. Otathan tapahtuma-asioissa ensisijaisesti yhteytt\u00e4 tapahtumavastaavaan<\/p>\n<p>Lumi Hiltunen<\/p>\n<p>Jessica H\u00e4m\u00e4l\u00e4inen<\/p>\n<p>Maria Saenz<\/p>\n<h4>Graafikko \/ Graphic artist<\/h4>\n<p>\u00a0Mona Parvelahti<\/p>\n<h4>Somevastaava \/ Social media responsible<\/h4>\n<p>Nea L\u00e4pinen<\/p>\n<h4>H\u00e4irint\u00e4yhdyshenkil\u00f6t \/ Harassment contact people<\/h4>\n<p>Ville Salmenhaara (ville.a.salmenhaara@utu.fi)<\/p>\n<p>Kaisa Ansam\u00e4ki (kaisa.l.ansamaki@utu.fi)<\/p>\n<p>\u00a0<\/p>\n<h3>Vuoden 2025 toimihenkil\u00f6t ja tiimit \/ Employees and teams for the year 2025<\/h3>\n<h4>Tapahtumatoimihenkil\u00f6t \/ Event team employees<\/h4>\n<p>Toimivat tapahtumavastaavan apuna tapahtumien j\u00e4rjest\u00e4misess\u00e4. Otathan tapahtuma-asioissa ensisijaisesti yhteytt\u00e4 tapahtumavastaavaan<\/p>\n<p>Heidi Aarnio<\/p>\n<h4>Ekskursiotoimihenkil\u00f6 \/ Excursion employee<\/h4>\n<p>Aino Huuskonen<\/p>\n<h4>H\u00e4irint\u00e4yhdyshenkil\u00f6t \/ Harassment contact people<\/h4>\n<p>Tira Grahn (tira.v.grahn@utu.fi)<\/p>\n<p>Ville Salmenhaara (ville.a.salmenhaara@utu.fi)<\/p>\n<h4>Graafikko \/ Graphic artist<\/h4>\n<p>Tia Ekstr\u00f6m<\/p>\n<h4>Somevastaava \/ Social media responsible<\/h4>\n<p>Nea L\u00e4pinen<\/p>\n<h4>Urheilutoimihenkil\u00f6 \/ Sports responsible<\/h4>\n<p>Riikka Palimo<\/p>\n<h3>Vuoden 2023 toimihenkil\u00f6t ja tiimit: \/ Employees and teams for the year 2023:<\/h3>\n<p><strong>Tapahtumatoimihenkil\u00f6t \/ Event team employees<\/strong><\/p>\n<p>Toimivat tapahtumavastaavan apuna ja oikeana k\u00e4ten\u00e4 tapahtumien j\u00e4rjestelyiss\u00e4. Tapahtuma-asioissa otathan ensisijaisesti yhteytt\u00e4 hallituksen tapahtumavastaavaan.<\/p>\n<p>Aino Huuskonen<\/p>\n<p>Ulla Mikkonen<\/p>\n<p>Naipunya Guruprasad<\/p>\n<p><strong>Graafikko \/ Graphic artist<\/strong><\/p>\n<p>Tia Ekstr\u00f6m<\/p>\n<p><a href=\"http:\/\/tia.a.ekstr\u00f6m@utu.fi\">tia.a.ekstr\u00f6m@utu.fi<\/a><\/p>\n<p><b>S\u00e4hk\u00f6posti- &amp; nettisivuvastaava<\/b><\/p>\n<p>Elina Suoper\u00e4<\/p>\n<p><a href=\"mailto:elina.l.suopera@utu.fi\">elina.l.suopera@utu.fi<\/a><\/p>\n<p><b>IVAn edustaja Hybridi ry:ss\u00e4<\/b><\/p>\n<p><span style=\"font-weight: 400\">Emilia Jaakkola<\/span><\/p>\n<p><a href=\"mailto:emjaak@utu.fi\">emjaak@utu.fi<\/a><\/p>\n<p><strong>Kansainv\u00e4lisyystoimihenkil\u00f6<\/strong><\/p>\n<p>Roosa Rahkonen<\/p>\n<p><a href=\"mailto:roosa.m.rahkonen@utu.fi\">roosa.m.rahkonen@utu.fi<\/a><\/p>\n<p><strong>H\u00e4irint\u00e4yhdyshenkil\u00f6<\/strong><\/p>\n<p>Riikka Palimo<\/p>\n<p><a href=\"mailto:riikka.a.palimo@utu.fi\">riikka.a.palimo@utu.fi<\/a><\/p>\n<p><b>IVAn edustaja biol\u00e4\u00e4ketieteen laitoksen\u00a0<\/b><b>ohjausryhm\u00e4ss\u00e4<\/b><\/p>\n<p>Lyylia Koivuniemi<\/p>\n<p><a href=\"mailto:lyylia.e.koivuniemi@utu.fi\">lyylia.e.koivuniemi@utu.fi<\/a><\/p>\n<p><b>IVAn edustajat biol\u00e4\u00e4ketieteen perustutkintojen\u00a0<\/b><b>suunnittelutoimikunnassa<\/b><\/p>\n<p>Sarah Smith<\/p>\n<p><a href=\"mailto:sarah.m.smith@utu.fi\">sarah.m.smith@utu.fi<\/a><\/p>\n<p>Sofia Forst\u00e9n<\/p>\n<p><a href=\"mailto:sofia.a.forsten@utu.fi\">sofia.a.forsten@utu.fi<\/a><\/p>\n<p><b>IVAn edustaja opiskelijavalintatoimikunnassa<\/b><\/p>\n<p>Veera Soininen<\/p>\n<p><a href=\"mailto:veera.a.soininen@utu.fi\">veera.a.soininen@utu.fi<\/a><\/p>\n<p><strong>IVAn edustaja johtokunnassa<\/strong><\/p>\n<p>Ali Benkherouf<\/p>\n<p><a class=\"_rpc_i1 o365button\" role=\"link\" href=\"mailto:alyabe@utu.fi\"><span class=\"allowTextSelection _rpc_C1 ms-font-color-themePrimary ms-font-s\" title=\"alyabe@utu.fi\">alyabe@utu.fi<\/span><\/a><\/p>\n<p><strong>DDD-FM-tutkinnon suunnittelutoimikunta<\/strong><\/p>\n<p>Peppi Raunioniemi<\/p>\n<p><a class=\"_rpc_i1 o365button\" role=\"link\" href=\"mailto:pemarau@utu.fi\"><span class=\"allowTextSelection _rpc_C1 ms-font-color-themePrimary ms-font-s\" title=\"pemarau@utu.fi\">pemarau@utu.fi<\/span><\/a><\/p>\n<p><strong>BIMA-FM-tutkinnon suunnittelutoimikunta<\/strong><\/p>\n<p>Ali Benkherouf<\/p>\n<p><a class=\"_rpc_i1 o365button\" role=\"link\" href=\"mailto:alaa.a.benkherouf@utu.fi\"><span class=\"allowTextSelection _rpc_C1 ms-font-color-themePrimary ms-font-s\" title=\"alaa.a.benkherouf@utu.fi\">alaa.a.benkherouf@utu.fi<\/span><\/a><\/p>\n<p><strong>Biomedical Sciences -yhteisty\u00f6ryhm\u00e4<\/strong><\/p>\n<p>Ali Benkherouf<\/p>\n<p><a class=\"_rpc_i1 o365button\" role=\"link\" href=\"mailto:alyabe@utu.fi\"><span class=\"allowTextSelection _rpc_C1 ms-font-color-themePrimary ms-font-s\" title=\"alyabe@utu.fi\">alyabe@utu.fi<\/span><\/a><\/p>\n<p><strong>Opiskeluymp\u00e4rist\u00f6n terveellisyyden ja turvallisuuden arviointi -ty\u00f6ryhm\u00e4<\/strong><\/p>\n<p>Lyylia Koivuniemi<\/p>\n<p><a href=\"mailto:lyylia.e.koivuniemi@utu.fi\">lyylia.e.koivuniemi@utu.fi<\/a><\/p>","protected":false},"excerpt":{"rendered":"<p>\u00a0 Vuoden 2026 toimihenkil\u00f6t ja tiimit \/ Employees and teams for the year 2026 Tapahtumatoimihenkil\u00f6t \/ Event team employees Toimivat tapahtumavastaavan apuna tapahtumien j\u00e4rjest\u00e4misess\u00e4. Otathan tapahtuma-asioissa ensisijaisesti yhteytt\u00e4 tapahtumavastaavaan Lumi [&hellip;]<\/p>\n","protected":false},"author":450,"featured_media":0,"parent":809,"menu_order":0,"comment_status":"closed","ping_status":"closed","template":"","meta":{"footnotes":""},"class_list":["post-902","page","type-page","status-publish","hentry"],"_links":{"self":[{"href":"https:\/\/tyyala.utu.fi\/iva\/wp-json\/wp\/v2\/pages\/902","targetHints":{"allow":["GET"]}}],"collection":[{"href":"https:\/\/tyyala.utu.fi\/iva\/wp-json\/wp\/v2\/pages"}],"about":[{"href":"https:\/\/tyyala.utu.fi\/iva\/wp-json\/wp\/v2\/types\/page"}],"author":[{"embeddable":true,"href":"https:\/\/tyyala.utu.fi\/iva\/wp-json\/wp\/v2\/users\/450"}],"replies":[{"embeddable":true,"href":"https:\/\/tyyala.utu.fi\/iva\/wp-json\/wp\/v2\/comments?post=902"}],"version-history":[{"count":41,"href":"https:\/\/tyyala.utu.fi\/iva\/wp-json\/wp\/v2\/pages\/902\/revisions"}],"predecessor-version":[{"id":3060,"href":"https:\/\/tyyala.utu.fi\/iva\/wp-json\/wp\/v2\/pages\/902\/revisions\/3060"}],"up":[{"embeddable":true,"href":"https:\/\/tyyala.utu.fi\/iva\/wp-json\/wp\/v2\/pages\/809"}],"wp:attachment":[{"href":"https:\/\/tyyala.utu.fi\/iva\/wp-json\/wp\/v2\/media?parent=902"}],"curies":[{"name":"wp","href":"https:\/\/api.w.org\/{rel}","templated":true}]}}