{"id":2942,"date":"2024-03-11T19:00:29","date_gmt":"2024-03-11T17:00:29","guid":{"rendered":"https:\/\/tyyala.utu.fi\/iva\/?page_id=2942"},"modified":"2024-03-25T18:04:20","modified_gmt":"2024-03-25T16:04:20","slug":"tietosuojaseloste","status":"publish","type":"page","link":"https:\/\/tyyala.utu.fi\/iva\/yhdistys\/tietosuojaseloste\/","title":{"rendered":"Tietosuojaseloste"},"content":{"rendered":"\n<p><\/p>\n\n\n\n<p><strong>Tietosuojaseloste In Vitro Aboensis IVA ry<\/strong><\/p>\n\n\n\n<p><strong>Rekisterin pit\u00e4j\u00e4<\/strong><\/p>\n\n\n\n<p>In Vitro Aboensis IVA ry<br>Lemmink\u00e4isenkatu 2<br>20520 Turku<\/p>\n\n\n\n<p><strong>Rekisteriasioista vastaava henkil\u00f6<\/strong><\/p>\n\n\n\n<p>In Vitro Aboensis IVA ry:n taloudenhoitaja<br>Yhteystiedot l\u00f6ytyv\u00e4t osoitteesta <a href=\"https:\/\/tyyala.utu.fi\/iva\/hallitus\/\">https:\/\/tyyala.utu.fi\/iva\/hallitus\/<\/a><\/p>\n\n\n\n<p><strong>Rekisterin nimi<\/strong><\/p>\n\n\n\n<p>In Vitro Aboensis IVA ry \u2013 J\u00e4senrekisteri<\/p>\n\n\n\n<p><strong>Oikeusperuste ja henkil\u00f6tietojen k\u00e4sittelyn tarkoitus<\/strong><\/p>\n\n\n\n<p>EU:n yleisen tietosuoja-asetuksen mukainen oikeusperuste henkil\u00f6tietojen k\u00e4sittelylle on rekisterinpit\u00e4j\u00e4n oikeutettu etu. Henkil\u00f6tietojen k\u00e4sittelyn tarkoitus on yhdistyslain (503\/1989) 11\u00a7 vaatima j\u00e4senrekisterin yll\u00e4pito ja yhdistysten j\u00e4senten yhteystietojen yll\u00e4pito.<\/p>\n\n\n\n<p><strong>Rekisterien tietosis\u00e4lt\u00f6<\/strong><\/p>\n\n\n\n<p>J\u00e4senrekisteriin kirjataan seuraavat tiedot: j\u00e4senen t\u00e4ydellinen nimi, kotikunta, s\u00e4hk\u00f6postiosoite, IVA:an liittymisvuosi, maksettujen j\u00e4senmaksujen m\u00e4\u00e4r\u00e4 (n kpl) ja j\u00e4senyyden voimassaolo (vuosi), koulutusohjelma (LuK\/DDD\/Bima\/Neuro), TYY:n j\u00e4senyys sek\u00e4 Tivoliklubin j\u00e4senyys.<\/p>\n\n\n\n<p>Ikij\u00e4senten osalta j\u00e4senrekisteriin ker\u00e4tt\u00e4vi\u00e4 tietoja ovat ikij\u00e4senen t\u00e4ydellinen nimi, kotikunta, s\u00e4hk\u00f6postiosoite, IVA:an liittymisvuosi sek\u00e4 ikij\u00e4senyyden hyv\u00e4ksymisvuosi.<\/p>\n\n\n\n<p>Tapahtumia varten voidaan ker\u00e4t\u00e4 nimi, s\u00e4hk\u00f6postiosoite, seurue- ja allergiatietoja sek\u00e4 mahdollisesti muita tapahtuman kannalta olennaisia tietoja. Tiedot poistetaan kolmen kuukauden kuluessa tapahtuman j\u00e4lkeen.<\/p>\n\n\n\n<p><strong>S\u00e4\u00e4nn\u00f6nmukaiset tietol\u00e4hteet<\/strong><\/p>\n\n\n\n<p>Kaikki j\u00e4sentiedot ker\u00e4t\u00e4\u00e4n j\u00e4senilt\u00e4 liittymisen ja tapahtumien ilmoittautumisten yhteydess\u00e4.<\/p>\n\n\n\n<p><strong>S\u00e4\u00e4nn\u00f6nmukaiset tietojen luovutukset ja tietojen siirto EU:n tai Euroopan talousalueen ulkopuolelle<\/strong><\/p>\n\n\n\n<p>J\u00e4senrekisterin tietoja ei luovuteta kolmansille osapuolille ilman j\u00e4senen suostumusta.<\/p>\n\n\n\n<p>Tapahtumien ilmoittautumislomakkeissa ilmoitettuja tietoja voidaan luovuttaa muille kyseisen tapahtuman j\u00e4rjest\u00e4miseen osallistuville henkil\u00f6ille, mik\u00e4li t\u00e4m\u00e4 on tarpeen. Mik\u00e4li tapahtuma j\u00e4rjestet\u00e4\u00e4n yhteisty\u00f6ss\u00e4 muiden ainej\u00e4rjest\u00f6jen kanssa, voidaan tietoja luovuttaa my\u00f6s toisen ainej\u00e4rjest\u00f6n edustajille, mik\u00e4li t\u00e4m\u00e4 on tapahtuman j\u00e4rjest\u00e4misen kannalta olennaista.<\/p>\n\n\n\n<p>Tapahtumien ilmoittamisessa suositaan lomakkeita, joiden tiedot s\u00e4ilytet\u00e4\u00e4n yliopiston palvelimilla. Googlen lomakkeita k\u00e4ytett\u00e4ess\u00e4 ilmoittautuja ottaa riskin, ett\u00e4 tietoja luovutetaan EU-alueen ulkopuolelle.<\/p>\n\n\n\n<p><strong>Tarkastusoikeus ja oikeus vaatia tiedon korjaamista<\/strong><\/p>\n\n\n\n<p>Jokaisella rekisteriss\u00e4 olevalla henkil\u00f6ll\u00e4 on oikeus tarkistaa rekisteriin tallennetut tietonsa ja vaatia mahdollisen virheellisen tiedon korjaamista tai puutteellisen tiedon t\u00e4ydent\u00e4mist\u00e4. Mik\u00e4li henkil\u00f6 haluaa tarkistaa h\u00e4nest\u00e4 tallennetut tiedot tai vaatia niihin oikaisua, pyynt\u00f6 tulee l\u00e4hett\u00e4\u00e4 kirjallisesti rekisteri\u00e4 hoitavalle henkil\u00f6lle, voi pyyt\u00e4\u00e4 tarvittaessa pyynn\u00f6n esitt\u00e4j\u00e4\u00e4 todistamaan henkil\u00f6llisyytens\u00e4. Rekisteri\u00e4 hoitava vastaa henkil\u00f6 j\u00e4senelle EU:n tietosuoja-asetuksessa s\u00e4\u00e4detyss\u00e4 ajassa (p\u00e4\u00e4s\u00e4\u00e4nt\u00f6isesti kuukauden kuluessa).<\/p>\n\n\n\n<p><strong>Tietojen s\u00e4ilytys<\/strong><\/p>\n\n\n\n<p>J\u00e4senrekisteriss\u00e4 s\u00e4ilytet\u00e4\u00e4n vain niiden henkil\u00f6iden tietoja, jotka ovat In Vitro Aboensis IVA ry:n varsinaisia j\u00e4seni\u00e4, ikij\u00e4seni\u00e4 tai kunniaj\u00e4seni\u00e4. Rekisteriss\u00e4 olevat tiedot poistetaan vuosittain niiden henkil\u00f6iden osalta, jotka katsotaan eronneeksi yhdistyksest\u00e4 j\u00e4senmaksun maksamattomuuden vuoksi. Yhdistyksest\u00e4 eroavien tai erotettujen henkil\u00f6iden tiedot poistetaan rekisterist\u00e4 v\u00e4litt\u00f6m\u00e4sti.<\/p>\n\n\n\n<p>Rekisteritiedot poistetaan v\u00e4litt\u00f6m\u00e4sti my\u00f6s, mik\u00e4li j\u00e4sen pyyt\u00e4\u00e4 niiden poistamista l\u00e4hett\u00e4m\u00e4ll\u00e4 s\u00e4hk\u00f6postia rekisteriss\u00e4 olevasta s\u00e4hk\u00f6postiosoitteesta tai kirjallisesti rekisteri\u00e4 hoitavalta henkil\u00f6lt\u00e4. Mik\u00e4li j\u00e4senyytt\u00e4 ei samalla irtisanota, s\u00e4ilytet\u00e4\u00e4n rekisteriss\u00e4 kuitenkin lakis\u00e4\u00e4teiset tiedot (j\u00e4senen nimi ja kotipaikkakunta).<\/p>\n\n\n\n<p><strong>Rekisterin suojauksen periaatteet<\/strong><\/p>\n\n\n\n<p>Rekisterin tiedot s\u00e4ilytet\u00e4\u00e4n tietoj\u00e4rjestelm\u00e4ss\u00e4, johon on p\u00e4\u00e4sy vain rajatulla joukolla. Joukko pit\u00e4\u00e4 sis\u00e4ll\u00e4\u00e4n j\u00e4senrekisterin yll\u00e4pidon kannalta v\u00e4ltt\u00e4m\u00e4tt\u00f6m\u00e4t henkil\u00f6t eli In Vitro Aboensis IVA ry:n istuvan hallituksen (kts. \u201dRekisteriasioista vastaava henkil\u00f6\u201d).<\/p>\n\n\n\n<p><\/p>\n","protected":false},"excerpt":{"rendered":"<p>Tietosuojaseloste In Vitro Aboensis IVA ry Rekisterin pit\u00e4j\u00e4 In Vitro Aboensis IVA ryLemmink\u00e4isenkatu 220520 Turku Rekisteriasioista vastaava henkil\u00f6 In Vitro Aboensis IVA ry:n taloudenhoitajaYhteystiedot l\u00f6ytyv\u00e4t osoitteesta https:\/\/tyyala.utu.fi\/iva\/hallitus\/ Rekisterin nimi In [&hellip;]<\/p>\n","protected":false},"author":450,"featured_media":0,"parent":817,"menu_order":1,"comment_status":"closed","ping_status":"closed","template":"","meta":{"footnotes":""},"class_list":["post-2942","page","type-page","status-publish","hentry"],"_links":{"self":[{"href":"https:\/\/tyyala.utu.fi\/iva\/wp-json\/wp\/v2\/pages\/2942","targetHints":{"allow":["GET"]}}],"collection":[{"href":"https:\/\/tyyala.utu.fi\/iva\/wp-json\/wp\/v2\/pages"}],"about":[{"href":"https:\/\/tyyala.utu.fi\/iva\/wp-json\/wp\/v2\/types\/page"}],"author":[{"embeddable":true,"href":"https:\/\/tyyala.utu.fi\/iva\/wp-json\/wp\/v2\/users\/450"}],"replies":[{"embeddable":true,"href":"https:\/\/tyyala.utu.fi\/iva\/wp-json\/wp\/v2\/comments?post=2942"}],"version-history":[{"count":4,"href":"https:\/\/tyyala.utu.fi\/iva\/wp-json\/wp\/v2\/pages\/2942\/revisions"}],"predecessor-version":[{"id":2950,"href":"https:\/\/tyyala.utu.fi\/iva\/wp-json\/wp\/v2\/pages\/2942\/revisions\/2950"}],"up":[{"embeddable":true,"href":"https:\/\/tyyala.utu.fi\/iva\/wp-json\/wp\/v2\/pages\/817"}],"wp:attachment":[{"href":"https:\/\/tyyala.utu.fi\/iva\/wp-json\/wp\/v2\/media?parent=2942"}],"curies":[{"name":"wp","href":"https:\/\/api.w.org\/{rel}","templated":true}]}}