{"id":1630,"date":"2026-08-31T18:36:10","date_gmt":"2026-08-31T16:36:10","guid":{"rendered":"https:\/\/tyyala.utu.fi\/germanica\/?page_id=1630"},"modified":"2026-08-31T18:36:10","modified_gmt":"2026-08-31T16:36:10","slug":"jarjesto-ja-kunnianauhaetiketti","status":"publish","type":"page","link":"https:\/\/tyyala.utu.fi\/germanica\/jarjesto-ja-kunnianauhaetiketti\/","title":{"rendered":"J\u00e4rjest\u00f6- ja kunnianauhaetiketti"},"content":{"rendered":"\n<h2 class=\"wp-block-heading\">J\u00e4rjest\u00f6nauha<\/h2>\n\n\n\n<p>Germanica ry:n j\u00e4rjest\u00f6nauha tai -ruusuke kertoo kuulumisesta Turun yliopiston Saksan kielen opiskelijoiden ainej\u00e4rjest\u00f6\u00f6n. J\u00e4rjest\u00f6nauhaa k\u00e4ytet\u00e4\u00e4n oman tai muiden ainej\u00e4rjest\u00f6jen vuosijuhlissa. Nauhaa tai ruusuketta voit k\u00e4ytt\u00e4\u00e4 my\u00f6s muissa akateemisissa juhlissa, joissa sen k\u00e4ytt\u00f6 on toivottua tai sallittua. Nauha toimii my\u00f6s muistona opiskeluajoista.<\/p>\n\n\n\n<p>J\u00e4rjest\u00f6nauhan k\u00e4ytt\u00f6\u00f6n liittyy muutamia etikettej\u00e4 joista voit lukea alla olevasta &#8221;J\u00e4rjest\u00f6nauhan etiketti&#8221; osiosta.<\/p>\n\n\n\n<p>Germanica ry:n j\u00e4rjest\u00f6nauhan voi ostaa kaikki j\u00e4seneksi liittyneet. <\/p>\n\n\n\n<p>T\u00e4ysimittainen nauha (140cm) 15\u20ac<\/p>\n\n\n\n<p>Ruusukemittainen nauha (60cm) 12\u20ac<\/p>\n\n\n\n<h2 class=\"wp-block-heading\">J\u00e4rjest\u00f6nauhaetiketti<\/h2>\n\n\n\n<p>Germanica ry:n j\u00e4rjest\u00f6nauha on musta-kultainen. Jokainen, joka on ollut tai on Germanica ry:n j\u00e4sen on oikeus kantaa j\u00e4sennauhaa. Germanican nauhaa kannetaan oikealta olkap\u00e4\u00e4lt\u00e4 rinnan yli viistoon vasemmalle. J\u00e4rjest\u00f6nauhaa voi kantaa my\u00f6s ruusukkeena vasemmassa rintapieless\u00e4. Pukeutumisen tulee olla nauhan arvoa kunnioittava. Frakin kanssa nauhaa kannetaan liivin alla ja tumman puvun kanssa liivin ja solmion p\u00e4\u00e4ll\u00e4.\u00a0Mekon kanssa nauhaa kannetaan tyypillisesti yll\u00e4mainittuun tapaan ruusukkeena vasemmassa rintapieless\u00e4. Nauha ei saa koskettaa paljasta ihoa. <\/p>\n\n\n\n<p>Germanican j\u00e4rjest\u00f6nauhaa kannetaan ylioppilaskuntien, osakuntien ja kattoj\u00e4rjest\u00f6jen nauhojen alapuolella. Jos sinulla on Germanica ry:n kunnianauha, aseta j\u00e4rjest\u00f6nauha sen alapuolelle. J\u00e4rjest\u00f6nauhaa kannetaan tilaisuuksissa, joissa akateemisten kunniamerkkien k\u00e4ytt\u00f6 on sallittua tai toivottua.<\/p>\n\n\n\n<p><\/p>\n\n\n\n<h2 class=\"wp-block-heading\">Kunnianauha<\/h2>\n\n\n\n<p>Germanica ry:n kunnianauha on saksan lipun v\u00e4rinen. Yhdistyksen kunnianauha on 30 mm leve\u00e4. Nauhan v\u00e4rit ovat kultainen, punainen ja musta. Nauhan raidat ylh\u00e4\u00e4lt\u00e4 alasp\u00e4in ovat 4 mm kultainen raita, 4 mm punainen raita, 14 mm musta raita, 4 mm punainen raita ja 4 mm kultainen raita. Kunnianauha voidaan my\u00f6nt\u00e4\u00e4 aktiivisesti Germanica ry:n toimintaan osallistuneelle ja toimintaa edist\u00e4neelle tai muulla tavalla ainej\u00e4rjest\u00f6\u00e4 l\u00e4hell\u00e4 olleelle henkil\u00f6lle.\u00a0<br><br>Kunnianauhoja voidaan jakaa enint\u00e4\u00e4n kaksi kappaletta vuosittain. Kunnianauhat jaetaan vuosijuhlilla ja niin\u00e4 vuosina, kun vuosijuhlia ei j\u00e4rjestet\u00e4, yhdistyksen pikkujouluissa tai vastaavassa tapahtumassa.<\/p>\n\n\n\n<h2 class=\"wp-block-heading\"><\/h2>\n\n\n\n<p><\/p>\n","protected":false},"excerpt":{"rendered":"<p>J\u00e4rjest\u00f6nauha Germanica ry:n j\u00e4rjest\u00f6nauha tai -ruusuke kertoo kuulumisesta Turun yliopiston Saksan kielen opiskelijoiden ainej\u00e4rjest\u00f6\u00f6n. J\u00e4rjest\u00f6nauhaa k\u00e4ytet\u00e4\u00e4n oman tai muiden ainej\u00e4rjest\u00f6jen vuosijuhlissa. Nauhaa tai ruusuketta voit k\u00e4ytt\u00e4\u00e4 my\u00f6s muissa akateemisissa juhlissa, joissa sen k\u00e4ytt\u00f6 on toivottua tai sallittua. Nauha toimii my\u00f6s muistona opiskeluajoista. J\u00e4rjest\u00f6nauhan k\u00e4ytt\u00f6\u00f6n liittyy muutamia etikettej\u00e4 joista voit lukea alla olevasta &#8221;J\u00e4rjest\u00f6nauhan etiketti&#8221; osiosta. [&hellip;]<\/p>\n","protected":false},"author":196,"featured_media":0,"parent":0,"menu_order":0,"comment_status":"closed","ping_status":"closed","template":"","meta":{"_kad_blocks_custom_css":"","_kad_blocks_head_custom_js":"","_kad_blocks_body_custom_js":"","_kad_blocks_footer_custom_js":"","footnotes":""},"class_list":["post-1630","page","type-page","status-publish","czr-hentry"],"taxonomy_info":[],"featured_image_src_large":false,"author_info":{"display_name":"Germanica","author_link":"https:\/\/tyyala.utu.fi\/germanica\/author\/germanica\/"},"comment_info":0,"_links":{"self":[{"href":"https:\/\/tyyala.utu.fi\/germanica\/wp-json\/wp\/v2\/pages\/1630","targetHints":{"allow":["GET"]}}],"collection":[{"href":"https:\/\/tyyala.utu.fi\/germanica\/wp-json\/wp\/v2\/pages"}],"about":[{"href":"https:\/\/tyyala.utu.fi\/germanica\/wp-json\/wp\/v2\/types\/page"}],"author":[{"embeddable":true,"href":"https:\/\/tyyala.utu.fi\/germanica\/wp-json\/wp\/v2\/users\/196"}],"replies":[{"embeddable":true,"href":"https:\/\/tyyala.utu.fi\/germanica\/wp-json\/wp\/v2\/comments?post=1630"}],"version-history":[{"count":3,"href":"https:\/\/tyyala.utu.fi\/germanica\/wp-json\/wp\/v2\/pages\/1630\/revisions"}],"predecessor-version":[{"id":1634,"href":"https:\/\/tyyala.utu.fi\/germanica\/wp-json\/wp\/v2\/pages\/1630\/revisions\/1634"}],"wp:attachment":[{"href":"https:\/\/tyyala.utu.fi\/germanica\/wp-json\/wp\/v2\/media?parent=1630"}],"curies":[{"name":"wp","href":"https:\/\/api.w.org\/{rel}","templated":true}]}}