{"id":50,"date":"2016-09-01T14:05:55","date_gmt":"2016-09-01T14:05:55","guid":{"rendered":"http:\/\/tyyala.utu.fi\/f-piste\/?page_id=50"},"modified":"2025-11-24T16:08:36","modified_gmt":"2025-11-24T14:08:36","slug":"hallitus","status":"publish","type":"page","link":"https:\/\/tyyala.utu.fi\/f-piste\/hallitus\/","title":{"rendered":"Hallitus"},"content":{"rendered":"<p><strong>Hallitus 2025<\/strong><\/p>\n<p><strong>Puheenjohtaja, taloudenhoitaja, tilavastaava\u00a0 \u00a0 \u00a0 \u00a0 \u00a0 \u00a0 \u00a0 \u00a0 \u00a0 \u00a0 \u00a0 \u00a0 \u00a0 \u00a0 \u00a0 \u00a0 \u00a0 \u00a0 \u00a0\u00a0<\/strong><\/p>\n<p>Leeni Takanen<\/p>\n<p>leetak(\u00e4t)utu.fi<\/p>\n<p><strong>Varapuheenjohtaja, tiedottaja, j\u00e4senvastaava, ymp\u00e4rist\u00f6vastaava<\/strong><\/p>\n<p>Eeva Mikkola<\/p>\n<p>eehmik(\u00e4t)utu.fi<\/p>\n<p><strong>Sihteeri, sosiaalipoliittinen vastaava ja yhdenvertaisuusvastaava, tiedottaja<\/strong><\/p>\n<p>Juliaana Uitto<\/p>\n<p>jiuitt(\u00e4t)utu.fi<\/p>\n<p><strong>Koulutuspoliittinen vastaava<\/strong><\/p>\n<p>Jukka V\u00e4is\u00e4nen<\/p>\n<p>jtvais(\u00e4t)utu.fi<\/p>\n<p><strong>Rivij\u00e4sen<\/strong><\/p>\n<p>Ella Eskola<\/p>\n<p>esesko(\u00e4t)utu.fi<\/p>\n","protected":false},"excerpt":{"rendered":"<p>Hallitus 2025 Puheenjohtaja, taloudenhoitaja, tilavastaava\u00a0 \u00a0 \u00a0 \u00a0 \u00a0 \u00a0 \u00a0 \u00a0 \u00a0 \u00a0 \u00a0 \u00a0 \u00a0 \u00a0 \u00a0 \u00a0 \u00a0 \u00a0 \u00a0\u00a0 Leeni Takanen leetak(\u00e4t)utu.fi Varapuheenjohtaja, tiedottaja, j\u00e4senvastaava, ymp\u00e4rist\u00f6vastaava Eeva Mikkola eehmik(\u00e4t)utu.fi Sihteeri, sosiaalipoliittinen vastaava ja yhdenvertaisuusvastaava, tiedottaja Juliaana Uitto jiuitt(\u00e4t)utu.fi Koulutuspoliittinen vastaava Jukka V\u00e4is\u00e4nen jtvais(\u00e4t)utu.fi Rivij\u00e4sen Ella Eskola esesko(\u00e4t)utu.fi<\/p>\n","protected":false},"author":6,"featured_media":0,"parent":0,"menu_order":0,"comment_status":"closed","ping_status":"closed","template":"","meta":{"footnotes":""},"class_list":["post-50","page","type-page","status-publish","hentry","post-preview"],"_links":{"self":[{"href":"https:\/\/tyyala.utu.fi\/f-piste\/wp-json\/wp\/v2\/pages\/50","targetHints":{"allow":["GET"]}}],"collection":[{"href":"https:\/\/tyyala.utu.fi\/f-piste\/wp-json\/wp\/v2\/pages"}],"about":[{"href":"https:\/\/tyyala.utu.fi\/f-piste\/wp-json\/wp\/v2\/types\/page"}],"author":[{"embeddable":true,"href":"https:\/\/tyyala.utu.fi\/f-piste\/wp-json\/wp\/v2\/users\/6"}],"replies":[{"embeddable":true,"href":"https:\/\/tyyala.utu.fi\/f-piste\/wp-json\/wp\/v2\/comments?post=50"}],"version-history":[{"count":19,"href":"https:\/\/tyyala.utu.fi\/f-piste\/wp-json\/wp\/v2\/pages\/50\/revisions"}],"predecessor-version":[{"id":390,"href":"https:\/\/tyyala.utu.fi\/f-piste\/wp-json\/wp\/v2\/pages\/50\/revisions\/390"}],"wp:attachment":[{"href":"https:\/\/tyyala.utu.fi\/f-piste\/wp-json\/wp\/v2\/media?parent=50"}],"curies":[{"name":"wp","href":"https:\/\/api.w.org\/{rel}","templated":true}]}}